{"id":21,"date":"2020-07-19T23:17:38","date_gmt":"2020-07-19T21:17:38","guid":{"rendered":"http:\/\/wsitcps.cluster028.hosting.ovh.net\/?page_id=21"},"modified":"2026-01-02T12:43:37","modified_gmt":"2026-01-02T11:43:37","slug":"honoraires","status":"publish","type":"page","link":"https:\/\/www.avocat-alegras-villefranche.fr\/index.php\/honoraires\/","title":{"rendered":"Honoraires"},"content":{"rendered":"\n<p>A d\u00e9faut de convention entre l\u2019avocat et son client, les&nbsp;<strong>honoraires d\u2019avocat&nbsp;<\/strong>sont fix\u00e9s selon les usages, en fonction de la situation de fortune du client, de la difficult\u00e9 de l\u2019affaire, des frais expos\u00e9s par l\u2019avocat, de sa notori\u00e9t\u00e9 et des diligences de celui-ci.&nbsp;<\/p>\n\n\n\n<p>Les honoraires sont fix\u00e9s librement par accord entre l\u2019avocat et son client.&nbsp;<\/p>\n\n\n\n<p>Afin d\u2019\u0153uvrer pour une plus grande visibilit\u00e9, les honoraires sont abord\u00e9s d\u00e8s le premier rendez-vous et pr\u00e9vus par une&nbsp;<strong>convention d\u2019honoraires<\/strong>.&nbsp;<\/p>\n\n\n\n<p>Ces conventions d\u2019honoraires sont conformes aux conventions recommand\u00e9es par le Conseil National des Barreaux.&nbsp;<\/p>\n\n\n\n<p>Les personnes ne disposant pas de ressources suffisantes peuvent se voir attribu\u00e9es l\u2019aide juridictionnelle totale ou partielle selon un bar\u00e8me fix\u00e9 et actualis\u00e9 chaque ann\u00e9e.&nbsp;<\/p>\n\n\n\n<p>Ma\u00eetre Aur\u00e9lie LEGRAS accepte l\u2019aide juridictionnelle.<\/p>\n\n\n\n<p>En outre, votre protection juridique peut, dans certaines limites, prendre en charge les honoraires de votre avocat.&nbsp;<\/p>\n\n\n\n<p>Le premier rendez-vous permet de vous conseiller et de vous orienter dans les d\u00e9marches \u00e0 entreprendre.\u00a0<strong>Il est factur\u00e9 150 euros HT soit 180 euros TTC.<\/strong><\/p>\n\n\n\n<p>Le cabinet accepte le r\u00e8glement des factures en plusieurs mensualit\u00e9s.<\/p>\n","protected":false},"excerpt":{"rendered":"<p>A d\u00e9faut de convention entre l\u2019avocat et son client, les&nbsp;honoraires d\u2019avocat&nbsp;sont fix\u00e9s selon les usages, en fonction de la situation de fortune du client, de la difficult\u00e9 de l\u2019affaire, des frais expos\u00e9s par l\u2019avocat, de sa notori\u00e9t\u00e9 et des diligences de celui-ci.&nbsp; Les honoraires sont fix\u00e9s librement par accord entre l\u2019avocat et son client.&nbsp; Afin [&hellip;]<\/p>\n","protected":false},"author":1,"featured_media":0,"parent":0,"menu_order":0,"comment_status":"closed","ping_status":"closed","template":"","meta":{"footnotes":""},"class_list":["post-21","page","type-page","status-publish","hentry"],"yoast_head":"<!-- This site is optimized with the Yoast SEO plugin v27.5 - https:\/\/yoast.com\/product\/yoast-seo-wordpress\/ -->\n<title>Honoraires - Aur\u00e9lie Legras<\/title>\n<meta name=\"robots\" content=\"index, follow, max-snippet:-1, max-image-preview:large, max-video-preview:-1\" \/>\n<link rel=\"canonical\" href=\"https:\/\/www.avocat-alegras-villefranche.fr\/index.php\/honoraires\/\" \/>\n<meta property=\"og:locale\" content=\"fr_FR\" \/>\n<meta property=\"og:type\" content=\"article\" \/>\n<meta property=\"og:title\" content=\"Honoraires - Aur\u00e9lie Legras\" \/>\n<meta property=\"og:description\" content=\"A d\u00e9faut de convention entre l\u2019avocat et son client, les&nbsp;honoraires d\u2019avocat&nbsp;sont fix\u00e9s selon les usages, en fonction de la situation de fortune du client, de la difficult\u00e9 de l\u2019affaire, des frais expos\u00e9s par l\u2019avocat, de sa notori\u00e9t\u00e9 et des diligences de celui-ci.&nbsp; Les honoraires sont fix\u00e9s librement par accord entre l\u2019avocat et son client.&nbsp; Afin [&hellip;]\" \/>\n<meta property=\"og:url\" content=\"https:\/\/www.avocat-alegras-villefranche.fr\/index.php\/honoraires\/\" \/>\n<meta property=\"og:site_name\" content=\"Aur\u00e9lie Legras\" \/>\n<meta property=\"article:modified_time\" content=\"2026-01-02T11:43:37+00:00\" \/>\n<meta name=\"twitter:card\" content=\"summary_large_image\" \/>\n<meta name=\"twitter:label1\" content=\"Dur\u00e9e de lecture estim\u00e9e\" \/>\n\t<meta name=\"twitter:data1\" content=\"1 minute\" \/>\n<script type=\"application\/ld+json\" class=\"yoast-schema-graph\">{\"@context\":\"https:\\\/\\\/schema.org\",\"@graph\":[{\"@type\":\"WebPage\",\"@id\":\"https:\\\/\\\/www.avocat-alegras-villefranche.fr\\\/index.php\\\/honoraires\\\/\",\"url\":\"https:\\\/\\\/www.avocat-alegras-villefranche.fr\\\/index.php\\\/honoraires\\\/\",\"name\":\"Honoraires - Aur\u00e9lie Legras\",\"isPartOf\":{\"@id\":\"https:\\\/\\\/www.avocat-alegras-villefranche.fr\\\/#website\"},\"datePublished\":\"2020-07-19T21:17:38+00:00\",\"dateModified\":\"2026-01-02T11:43:37+00:00\",\"breadcrumb\":{\"@id\":\"https:\\\/\\\/www.avocat-alegras-villefranche.fr\\\/index.php\\\/honoraires\\\/#breadcrumb\"},\"inLanguage\":\"fr-FR\",\"potentialAction\":[{\"@type\":\"ReadAction\",\"target\":[\"https:\\\/\\\/www.avocat-alegras-villefranche.fr\\\/index.php\\\/honoraires\\\/\"]}]},{\"@type\":\"BreadcrumbList\",\"@id\":\"https:\\\/\\\/www.avocat-alegras-villefranche.fr\\\/index.php\\\/honoraires\\\/#breadcrumb\",\"itemListElement\":[{\"@type\":\"ListItem\",\"position\":1,\"name\":\"Accueil\",\"item\":\"https:\\\/\\\/www.avocat-alegras-villefranche.fr\\\/\"},{\"@type\":\"ListItem\",\"position\":2,\"name\":\"Honoraires\"}]},{\"@type\":\"WebSite\",\"@id\":\"https:\\\/\\\/www.avocat-alegras-villefranche.fr\\\/#website\",\"url\":\"https:\\\/\\\/www.avocat-alegras-villefranche.fr\\\/\",\"name\":\"Aur\u00e9lie Legras\",\"description\":\"Avocat au Barreau de Villefranche sur Sa\u00f4ne\",\"publisher\":{\"@id\":\"https:\\\/\\\/www.avocat-alegras-villefranche.fr\\\/#organization\"},\"potentialAction\":[{\"@type\":\"SearchAction\",\"target\":{\"@type\":\"EntryPoint\",\"urlTemplate\":\"https:\\\/\\\/www.avocat-alegras-villefranche.fr\\\/?s={search_term_string}\"},\"query-input\":{\"@type\":\"PropertyValueSpecification\",\"valueRequired\":true,\"valueName\":\"search_term_string\"}}],\"inLanguage\":\"fr-FR\"},{\"@type\":\"Organization\",\"@id\":\"https:\\\/\\\/www.avocat-alegras-villefranche.fr\\\/#organization\",\"name\":\"Avocat Aur\u00e9lie Legras\",\"url\":\"https:\\\/\\\/www.avocat-alegras-villefranche.fr\\\/\",\"logo\":{\"@type\":\"ImageObject\",\"inLanguage\":\"fr-FR\",\"@id\":\"https:\\\/\\\/www.avocat-alegras-villefranche.fr\\\/#\\\/schema\\\/logo\\\/image\\\/\",\"url\":\"https:\\\/\\\/www.avocat-alegras-villefranche.fr\\\/wp-content\\\/uploads\\\/2020\\\/07\\\/cropped-Logo2-3.png\",\"contentUrl\":\"https:\\\/\\\/www.avocat-alegras-villefranche.fr\\\/wp-content\\\/uploads\\\/2020\\\/07\\\/cropped-Logo2-3.png\",\"width\":200,\"height\":32,\"caption\":\"Avocat Aur\u00e9lie Legras\"},\"image\":{\"@id\":\"https:\\\/\\\/www.avocat-alegras-villefranche.fr\\\/#\\\/schema\\\/logo\\\/image\\\/\"}}]}<\/script>\n<!-- \/ Yoast SEO plugin. -->","yoast_head_json":{"title":"Honoraires - Aur\u00e9lie Legras","robots":{"index":"index","follow":"follow","max-snippet":"max-snippet:-1","max-image-preview":"max-image-preview:large","max-video-preview":"max-video-preview:-1"},"canonical":"https:\/\/www.avocat-alegras-villefranche.fr\/index.php\/honoraires\/","og_locale":"fr_FR","og_type":"article","og_title":"Honoraires - Aur\u00e9lie Legras","og_description":"A d\u00e9faut de convention entre l\u2019avocat et son client, les&nbsp;honoraires d\u2019avocat&nbsp;sont fix\u00e9s selon les usages, en fonction de la situation de fortune du client, de la difficult\u00e9 de l\u2019affaire, des frais expos\u00e9s par l\u2019avocat, de sa notori\u00e9t\u00e9 et des diligences de celui-ci.&nbsp; Les honoraires sont fix\u00e9s librement par accord entre l\u2019avocat et son client.&nbsp; Afin [&hellip;]","og_url":"https:\/\/www.avocat-alegras-villefranche.fr\/index.php\/honoraires\/","og_site_name":"Aur\u00e9lie Legras","article_modified_time":"2026-01-02T11:43:37+00:00","twitter_card":"summary_large_image","twitter_misc":{"Dur\u00e9e de lecture estim\u00e9e":"1 minute"},"schema":{"@context":"https:\/\/schema.org","@graph":[{"@type":"WebPage","@id":"https:\/\/www.avocat-alegras-villefranche.fr\/index.php\/honoraires\/","url":"https:\/\/www.avocat-alegras-villefranche.fr\/index.php\/honoraires\/","name":"Honoraires - Aur\u00e9lie Legras","isPartOf":{"@id":"https:\/\/www.avocat-alegras-villefranche.fr\/#website"},"datePublished":"2020-07-19T21:17:38+00:00","dateModified":"2026-01-02T11:43:37+00:00","breadcrumb":{"@id":"https:\/\/www.avocat-alegras-villefranche.fr\/index.php\/honoraires\/#breadcrumb"},"inLanguage":"fr-FR","potentialAction":[{"@type":"ReadAction","target":["https:\/\/www.avocat-alegras-villefranche.fr\/index.php\/honoraires\/"]}]},{"@type":"BreadcrumbList","@id":"https:\/\/www.avocat-alegras-villefranche.fr\/index.php\/honoraires\/#breadcrumb","itemListElement":[{"@type":"ListItem","position":1,"name":"Accueil","item":"https:\/\/www.avocat-alegras-villefranche.fr\/"},{"@type":"ListItem","position":2,"name":"Honoraires"}]},{"@type":"WebSite","@id":"https:\/\/www.avocat-alegras-villefranche.fr\/#website","url":"https:\/\/www.avocat-alegras-villefranche.fr\/","name":"Aur\u00e9lie Legras","description":"Avocat au Barreau de Villefranche sur Sa\u00f4ne","publisher":{"@id":"https:\/\/www.avocat-alegras-villefranche.fr\/#organization"},"potentialAction":[{"@type":"SearchAction","target":{"@type":"EntryPoint","urlTemplate":"https:\/\/www.avocat-alegras-villefranche.fr\/?s={search_term_string}"},"query-input":{"@type":"PropertyValueSpecification","valueRequired":true,"valueName":"search_term_string"}}],"inLanguage":"fr-FR"},{"@type":"Organization","@id":"https:\/\/www.avocat-alegras-villefranche.fr\/#organization","name":"Avocat Aur\u00e9lie Legras","url":"https:\/\/www.avocat-alegras-villefranche.fr\/","logo":{"@type":"ImageObject","inLanguage":"fr-FR","@id":"https:\/\/www.avocat-alegras-villefranche.fr\/#\/schema\/logo\/image\/","url":"https:\/\/www.avocat-alegras-villefranche.fr\/wp-content\/uploads\/2020\/07\/cropped-Logo2-3.png","contentUrl":"https:\/\/www.avocat-alegras-villefranche.fr\/wp-content\/uploads\/2020\/07\/cropped-Logo2-3.png","width":200,"height":32,"caption":"Avocat Aur\u00e9lie Legras"},"image":{"@id":"https:\/\/www.avocat-alegras-villefranche.fr\/#\/schema\/logo\/image\/"}}]}},"_links":{"self":[{"href":"https:\/\/www.avocat-alegras-villefranche.fr\/index.php\/wp-json\/wp\/v2\/pages\/21","targetHints":{"allow":["GET"]}}],"collection":[{"href":"https:\/\/www.avocat-alegras-villefranche.fr\/index.php\/wp-json\/wp\/v2\/pages"}],"about":[{"href":"https:\/\/www.avocat-alegras-villefranche.fr\/index.php\/wp-json\/wp\/v2\/types\/page"}],"author":[{"embeddable":true,"href":"https:\/\/www.avocat-alegras-villefranche.fr\/index.php\/wp-json\/wp\/v2\/users\/1"}],"replies":[{"embeddable":true,"href":"https:\/\/www.avocat-alegras-villefranche.fr\/index.php\/wp-json\/wp\/v2\/comments?post=21"}],"version-history":[{"count":14,"href":"https:\/\/www.avocat-alegras-villefranche.fr\/index.php\/wp-json\/wp\/v2\/pages\/21\/revisions"}],"predecessor-version":[{"id":284,"href":"https:\/\/www.avocat-alegras-villefranche.fr\/index.php\/wp-json\/wp\/v2\/pages\/21\/revisions\/284"}],"wp:attachment":[{"href":"https:\/\/www.avocat-alegras-villefranche.fr\/index.php\/wp-json\/wp\/v2\/media?parent=21"}],"curies":[{"name":"wp","href":"https:\/\/api.w.org\/{rel}","templated":true}]}}